{"id":56,"date":"2025-08-31T11:30:00","date_gmt":"2025-08-31T08:30:00","guid":{"rendered":"http:\/\/www.mtc.fi\/?page_id=56"},"modified":"2025-09-22T15:18:01","modified_gmt":"2025-09-22T12:18:01","slug":"aamuhuoneistot-yyterissa","status":"publish","type":"page","link":"https:\/\/www.mtc.fi\/?page_id=56","title":{"rendered":"Aamuhuoneistot Yyteriss\u00e4"},"content":{"rendered":"<p><a href=\"http:\/\/www.mtc.fi\/wp-content\/uploads\/2014\/05\/IMG_4802.jpeg\" target=\"_blank\" rel=\"noopener noreferrer\"><img loading=\"lazy\" class=\"aligncenter wp-image-17 size-full\" src=\"http:\/\/www.mtc.fi\/wp-content\/uploads\/2014\/05\/IMG_4802.jpeg\" alt=\"IMG_4802\" width=\"1280\" height=\"960\" srcset=\"https:\/\/www.mtc.fi\/wp-content\/uploads\/2014\/05\/IMG_4802.jpeg 1280w, https:\/\/www.mtc.fi\/wp-content\/uploads\/2014\/05\/IMG_4802-300x225.jpeg 300w, https:\/\/www.mtc.fi\/wp-content\/uploads\/2014\/05\/IMG_4802-1024x768.jpeg 1024w\" sizes=\"(max-width: 1280px) 100vw, 1280px\" \/><\/a><\/p>\n<p><strong>MTC vuokraa<\/strong> my\u00f6s huoneistoja nimell\u00e4 Aamuhuoneistot Yyteriss\u00e4. Huoneistot ovat tasokkaita apartementos-tyylisi\u00e4 kalustettuja huoneistoja, jotka on tarkoitettu loma- tai ty\u00f6suhdeasunnoiksi.&nbsp;Huoneistoissa on t\u00e4ydellinen astiasto 6-12 hengelle, j\u00e4\u00e4kaappi-pakastin, astianpesu- ja pyykinpesukoneet, kahvinkeitin, liesi ja mikro. Huoneistojen hintaan&nbsp;sis\u00e4ltyv\u00e4t my\u00f6s liinavaatteet.<\/p>\n<p><a href=\"http:\/\/www.mtc.fi\/wp-content\/uploads\/2014\/05\/IMG_2030.jpeg\" target=\"_blank\" rel=\"noopener noreferrer\"><img loading=\"lazy\" class=\"alignleft wp-image-11 size-thumbnail\" src=\"http:\/\/www.mtc.fi\/wp-content\/uploads\/2014\/05\/IMG_2030-150x150.jpeg\" alt=\"IMG_2030\" width=\"150\" height=\"150\"><\/a>Aamuhuoneistoilla on k\u00e4yt\u00f6ss\u00e4\u00e4n 12 huoneistoa. Koot vaihtelevat yksi\u00f6st\u00e4 nelj\u00e4n huoneen ja keitti\u00f6n kokonaisuuksiin. Ensimm\u00e4iset huoneistot otettiin k\u00e4ytt\u00f6\u00f6n vuonna 2006 &nbsp;ja heti alkuunsa ne saavuttivat suosiota matkailijoiden ja ty\u00f6suhdeasiakkaiden parissa. Sen j\u00e4lkeen huoneistoja on korjattu moneen kertaan. Laitteita &nbsp;ja kalusteita on my\u00f6s uusittu.<\/p>\n<p>Asiakkaat <a href=\"http:\/\/www.mtc.fi\/wp-content\/uploads\/2014\/05\/IMG_20491.jpeg\" target=\"_blank\" rel=\"noopener noreferrer\"><img loading=\"lazy\" class=\"alignleft wp-image-77 size-thumbnail\" src=\"http:\/\/www.mtc.fi\/wp-content\/uploads\/2014\/05\/IMG_20491-150x150.jpeg\" alt=\"IMG_2049\" width=\"150\" height=\"150\"><\/a>ovat palautteessaan arvostaneet&nbsp;Aamuhuoneistoissa<br \/>\n&#8211;&nbsp;&nbsp;huoneistojen tasoa ja viihtyisyytt\u00e4<br \/>\n&#8211; omaa rauhaa ja mahdollisuutta laittaa&nbsp;itse&nbsp;ruokaa<br \/>\n&#8211; Yyteri rantoineen, santoineen ja palveluineen on mit\u00e4 parhain paikka <a href=\"http:\/\/www.mtc.fi\/wp-content\/uploads\/2014\/05\/IMG_2073.jpeg\" target=\"_blank\" rel=\"noopener noreferrer\"><img loading=\"lazy\" class=\"alignleft wp-image-13 size-thumbnail\" src=\"http:\/\/www.mtc.fi\/wp-content\/uploads\/2014\/05\/IMG_2073-150x150.jpeg\" alt=\"IMG_2073\" width=\"150\" height=\"150\"><\/a>Suomessa.<br \/>\nAamuhuoneistoista l\u00f6yd\u00e4t tarkempaa tietoa osoitteesta <span style=\"color: #000000;\"><a href=\"http:\/\/www.aamuhuoneistot.fi\" target=\"_blank\" rel=\"noopener noreferrer\"><span style=\"color: #000000;\">www.aamuhuoneistot.fi<\/span><\/a><\/span><\/p>\n<p><strong>Tarjous<\/strong><br \/>\nPyyd\u00e4 tarjous pidempiaikaisesta majoituksesta !<\/p>\n","protected":false},"excerpt":{"rendered":"<p>MTC vuokraa my\u00f6s huoneistoja nimell\u00e4 Aamuhuoneistot Yyteriss\u00e4. Huoneistot ovat tasokkaita apartementos-tyylisi\u00e4 kalustettuja huoneistoja, jotka on tarkoitettu loma- tai ty\u00f6suhdeasunnoiksi.&nbsp;Huoneistoissa on t\u00e4ydellinen astiasto 6-12 hengelle, j\u00e4\u00e4kaappi-pakastin, astianpesu- ja pyykinpesukoneet, kahvinkeitin, liesi ja mikro. Huoneistojen hintaan&nbsp;sis\u00e4ltyv\u00e4t my\u00f6s liinavaatteet. Aamuhuoneistoilla on k\u00e4yt\u00f6ss\u00e4\u00e4n 12 huoneistoa. Koot vaihtelevat yksi\u00f6st\u00e4 nelj\u00e4n huoneen ja keitti\u00f6n kokonaisuuksiin. Ensimm\u00e4iset huoneistot otettiin k\u00e4ytt\u00f6\u00f6n vuonna 2006 &hellip; <a href=\"https:\/\/www.mtc.fi\/?page_id=56\" class=\"more-link\">Jatka lukemista <span class=\"screen-reader-text\">Aamuhuoneistot Yyteriss\u00e4<\/span> <span class=\"meta-nav\">&rarr;<\/span><\/a><\/p>\n","protected":false},"author":2,"featured_media":0,"parent":0,"menu_order":0,"comment_status":"closed","ping_status":"closed","template":"page-templates\/full-width.php","meta":[],"_links":{"self":[{"href":"https:\/\/www.mtc.fi\/index.php?rest_route=\/wp\/v2\/pages\/56"}],"collection":[{"href":"https:\/\/www.mtc.fi\/index.php?rest_route=\/wp\/v2\/pages"}],"about":[{"href":"https:\/\/www.mtc.fi\/index.php?rest_route=\/wp\/v2\/types\/page"}],"author":[{"embeddable":true,"href":"https:\/\/www.mtc.fi\/index.php?rest_route=\/wp\/v2\/users\/2"}],"replies":[{"embeddable":true,"href":"https:\/\/www.mtc.fi\/index.php?rest_route=%2Fwp%2Fv2%2Fcomments&post=56"}],"version-history":[{"count":3,"href":"https:\/\/www.mtc.fi\/index.php?rest_route=\/wp\/v2\/pages\/56\/revisions"}],"predecessor-version":[{"id":867,"href":"https:\/\/www.mtc.fi\/index.php?rest_route=\/wp\/v2\/pages\/56\/revisions\/867"}],"wp:attachment":[{"href":"https:\/\/www.mtc.fi\/index.php?rest_route=%2Fwp%2Fv2%2Fmedia&parent=56"}],"curies":[{"name":"wp","href":"https:\/\/api.w.org\/{rel}","templated":true}]}}